{"id":69,"date":"2022-10-24T13:21:46","date_gmt":"2022-10-24T11:21:46","guid":{"rendered":"http:\/\/snalc.org\/snalc2023\/?page_id=69"},"modified":"2026-04-12T08:39:46","modified_gmt":"2026-04-12T06:39:46","slug":"accueil","status":"publish","type":"page","link":"https:\/\/snalc.org\/snalc2023\/","title":{"rendered":"Accueil"},"content":{"rendered":"\n<p>Nos derni\u00e8res publications<\/p>\n\n\n\n<figure class=\"wp-block-image size-full is-resized\"><img fetchpriority=\"high\" decoding=\"async\" width=\"512\" height=\"512\" src=\"https:\/\/snalc.org\/snalc2023\/wp-content\/uploads\/2022\/10\/cropped-s.png\" alt=\"\" class=\"wp-image-376\" style=\"width:128px;height:128px\" srcset=\"https:\/\/snalc.org\/snalc2023\/wp-content\/uploads\/2022\/10\/cropped-s.png 512w, https:\/\/snalc.org\/snalc2023\/wp-content\/uploads\/2022\/10\/cropped-s-300x300.png 300w, https:\/\/snalc.org\/snalc2023\/wp-content\/uploads\/2022\/10\/cropped-s-150x150.png 150w, https:\/\/snalc.org\/snalc2023\/wp-content\/uploads\/2022\/10\/cropped-s-270x270.png 270w, https:\/\/snalc.org\/snalc2023\/wp-content\/uploads\/2022\/10\/cropped-s-192x192.png 192w, https:\/\/snalc.org\/snalc2023\/wp-content\/uploads\/2022\/10\/cropped-s-180x180.png 180w, https:\/\/snalc.org\/snalc2023\/wp-content\/uploads\/2022\/10\/cropped-s-32x32.png 32w\" sizes=\"(max-width: 512px) 100vw, 512px\" \/><\/figure>\n\n\n\n<p class=\"has-ast-global-color-5-background-color has-background\">Abonnez-vous \u00e0 notre compte <strong>Instagram Snalc Aix-Marseille<\/strong>: <a href=\"https:\/\/www.instagram.com\/snalc_mrs\/ \">https:\/\/www.instagram.com\/snalc_mrs\/ <\/a><\/p>\n\n\n\n<hr class=\"wp-block-separator has-alpha-channel-opacity\"\/>\n\n\n\n<p class=\"has-ast-global-color-5-background-color has-background\">Abonnez-vous \u00e0 notre compte <strong>Instagram Snalc Aix-Marseille<\/strong> (<strong>1er degr\u00e9<\/strong>): <a href=\"https:\/\/www.instagram.com\/snalc.am_pe\/\">https:\/\/www.instagram.com\/snalc.am_pe\/<\/a><\/p>\n\n\n\n<hr class=\"wp-block-separator has-alpha-channel-opacity\"\/>\n\n\n<ul class=\"wp-block-latest-posts__list wp-block-latest-posts has-background has-midnight-gradient-background\"><li><a class=\"wp-block-latest-posts__post-title\" href=\"https:\/\/snalc.org\/snalc2023\/?p=5089\">Congr\u00e8s acad\u00e9mique sur le num\u00e9rique, l&rsquo;IA &#8211; Snalc Aix-Marseille, le 9 juin 2026 de 9h-16h30 \u00e0 Aix (ouvert \u00e0 tous)<\/a><\/li>\n<li><a class=\"wp-block-latest-posts__post-title\" href=\"https:\/\/snalc.org\/snalc2023\/?p=4762\">Calendrier gestion administrative 2025-2026<\/a><\/li>\n<li><a class=\"wp-block-latest-posts__post-title\" href=\"https:\/\/snalc.org\/snalc2023\/?p=4794\">Congr\u00e8s acad\u00e9mique Snalc Aix-Marseille, le 7 mai 2026 de 9h-16h30 \u00e0 Aix.<\/a><\/li>\n<li><a class=\"wp-block-latest-posts__post-title\" href=\"https:\/\/snalc.org\/snalc2023\/?p=5009\">Congr\u00e8s acad\u00e9mique Snalc Aix-Marseille, le 7 mai 2026 9h-16h30 \u00e0 Aix -> Inscription 2nd degr\u00e9, CPE, PsyEn&#8230;<\/a><\/li>\n<li><a class=\"wp-block-latest-posts__post-title\" href=\"https:\/\/snalc.org\/snalc2023\/?p=5007\">Congr\u00e8s acad\u00e9mique Snalc Aix-Marseille, le 7 mai 2026 9h-16h30 \u00e0 Aix -> inscription (1er degr\u00e9)<\/a><\/li>\n<li><a class=\"wp-block-latest-posts__post-title\" href=\"https:\/\/snalc.org\/snalc2023\/?p=4956\">Recueil de candidatures pour la formation professionnelle au certificat d\u2019aptitude professionnelle aux pratiques pour l\u2019\u00e9ducation inclusive (CAPPEI) 2026-2027<\/a><\/li>\n<\/ul>\n\n\n<hr class=\"wp-block-separator has-alpha-channel-opacity\"\/>\n\n\n\n<p class=\"has-text-align-center has-luminous-vivid-orange-color has-text-color\"><strong>A NE PAS MANQUER:<\/strong><\/p>\n\n\n\n<hr class=\"wp-block-separator has-alpha-channel-opacity\"\/>\n\n\n<ul class=\"wp-block-latest-posts__list wp-block-latest-posts has-background has-midnight-gradient-background\"><li><a class=\"wp-block-latest-posts__post-title\" href=\"https:\/\/snalc.org\/snalc2023\/?p=5089\">Congr\u00e8s acad\u00e9mique sur le num\u00e9rique, l&rsquo;IA &#8211; Snalc Aix-Marseille, le 9 juin 2026 de 9h-16h30 \u00e0 Aix (ouvert \u00e0 tous)<\/a><\/li>\n<li><a class=\"wp-block-latest-posts__post-title\" href=\"https:\/\/snalc.org\/snalc2023\/?p=5084\">Mouvement intra-d\u00e9partemental des personnels du 1er degr\u00e9 RS2026 (13)<\/a><\/li>\n<li><a class=\"wp-block-latest-posts__post-title\" href=\"https:\/\/snalc.org\/snalc2023\/?p=5073\">QUINZAINE UNIVERSITAIRE n\u00b01512 \u2013 \u00e9cole<\/a><\/li>\n<li><a class=\"wp-block-latest-posts__post-title\" href=\"https:\/\/snalc.org\/snalc2023\/?p=5066\">LE BULLETIN DEPARTEMENTAL (Hautes Alpes)<\/a><\/li>\n<\/ul>\n\n\n<hr class=\"wp-block-separator has-alpha-channel-opacity\"\/>\n\n\n\n<figure class=\"wp-block-gallery has-nested-images columns-default is-cropped wp-block-gallery-1 is-layout-flex wp-block-gallery-is-layout-flex\">\n<figure class=\"wp-block-image size-large\"><img decoding=\"async\" width=\"1024\" height=\"714\" data-id=\"4920\" src=\"https:\/\/snalc.org\/snalc2023\/wp-content\/uploads\/2026\/02\/2026-02-letoile-1-1024x714.png\" alt=\"\" class=\"wp-image-4920\" srcset=\"https:\/\/snalc.org\/snalc2023\/wp-content\/uploads\/2026\/02\/2026-02-letoile-1-1024x714.png 1024w, https:\/\/snalc.org\/snalc2023\/wp-content\/uploads\/2026\/02\/2026-02-letoile-1-300x209.png 300w, https:\/\/snalc.org\/snalc2023\/wp-content\/uploads\/2026\/02\/2026-02-letoile-1-768x536.png 768w, https:\/\/snalc.org\/snalc2023\/wp-content\/uploads\/2026\/02\/2026-02-letoile-1-1536x1071.png 1536w, https:\/\/snalc.org\/snalc2023\/wp-content\/uploads\/2026\/02\/2026-02-letoile-1-2048x1428.png 2048w, https:\/\/snalc.org\/snalc2023\/wp-content\/uploads\/2026\/02\/2026-02-letoile-1-1320x920.png 1320w\" sizes=\"(max-width: 1024px) 100vw, 1024px\" \/><\/figure>\n<\/figure>\n\n\n\n<hr class=\"wp-block-separator has-alpha-channel-opacity\"\/>\n\n\n\n<pre class=\"wp-block-preformatted has-large-font-size\"><strong>Mouvement intra 2026: Fiche de suivi et informations<\/strong> -&gt; <a href=\"https:\/\/snalc.org\/snalc2023\/?p=4884\">https:\/\/snalc.org\/snalc2023\/?p=4884<\/a><\/pre>\n\n\n\n<hr class=\"wp-block-separator has-alpha-channel-opacity\"\/>\n\n\n<ul style=\"background:linear-gradient(90deg,rgb(2,3,129) 0%,rgb(40,116,252) 0%);\" class=\"wp-block-latest-posts__list wp-block-latest-posts has-background\"><li><a class=\"wp-block-latest-posts__post-title\" href=\"https:\/\/snalc.org\/snalc2023\/?p=5075\">QUINZAINE UNIVERSITAIRE n\u00b01512<\/a><div class=\"wp-block-latest-posts__post-excerpt\">\u00c9DITO : \u00c9COLE INCLUSIVE&nbsp;: LA FUITE EN AVANT Jean-R\u00e9mi GirardPr\u00e9sident du SNALC L\u2019\u00c9cole inclusive s\u2019est transform\u00e9e en v\u00e9ritable fuite en avant. Aujourd\u2019hui, les conditions de mise en \u0153uvre remettent en cause les contours, mais aussi le principe m\u00eame de l\u2019\u00c9cole inclusive. On ne sait plus o\u00f9 elle s\u2019arr\u00eate, ni m\u00eame si elle s\u2019arr\u00eate, s\u2019il existera\u2026 <a class=\"wp-block-latest-posts__read-more\" href=\"https:\/\/snalc.org\/snalc2023\/?p=5075\" rel=\"noopener noreferrer\">Lire la suite<span class=\"screen-reader-text\">\u00a0: QUINZAINE UNIVERSITAIRE n\u00b01512<\/span><\/a><\/div><\/li>\n<li><a class=\"wp-block-latest-posts__post-title\" href=\"https:\/\/snalc.org\/snalc2023\/?p=5073\">QUINZAINE UNIVERSITAIRE n\u00b01512 \u2013 \u00e9cole<\/a><div class=\"wp-block-latest-posts__post-excerpt\">\u00c9DITO : \u00c9COLE INCLUSIVE&nbsp;: STOP \u00c0 LA SOUFFRANCE&nbsp;! J-R\u00e9mi GirardPr\u00e9sident du SNALC L\u2019\u00c9cole inclusive s\u2019est transform\u00e9e en v\u00e9ritable fuite en avant. Aujourd\u2019hui, les conditions de mise en \u0153uvre remettent en cause les contours, mais aussi le principe-m\u00eame de l\u2019\u00c9cole inclusive. On ne sait plus o\u00f9 elle s\u2019arr\u00eate, ni m\u00eame si elle s\u2019arr\u00eate, s\u2019il existera \u00e0\u2026 <a class=\"wp-block-latest-posts__read-more\" href=\"https:\/\/snalc.org\/snalc2023\/?p=5073\" rel=\"noopener noreferrer\">Lire la suite<span class=\"screen-reader-text\">\u00a0: QUINZAINE UNIVERSITAIRE n\u00b01512 \u2013 \u00e9cole<\/span><\/a><\/div><\/li>\n<\/ul>\n\n\n<hr class=\"wp-block-separator has-alpha-channel-opacity\"\/>\n\n\n\n<div class=\"wp-block-query is-layout-flow wp-block-query-is-layout-flow\">\n<div class=\"inherit-container-width wp-block-group has-ast-global-color-6-background-color has-background is-layout-constrained wp-block-group-is-layout-constrained\"><ul class=\"columns-3 wp-block-post-template has-background has-ast-global-color-4-background-color is-layout-grid wp-container-core-post-template-is-layout-572542b5 wp-block-post-template-is-layout-grid\"><li class=\"wp-block-post post-5104 post type-post status-publish format-standard hentry category-actualites-2025-2026 category-inter-academique category-mutation\">\n\n<div class=\"wp-block-group is-layout-flow wp-block-group-is-layout-flow\" style=\"padding-top:30px;padding-right:30px;padding-bottom:30px;padding-left:30px\"><h2 class=\"wp-block-post-title\"><a href=\"https:\/\/snalc.org\/snalc2023\/?p=5104\" target=\"_self\" >Mutation Wallis, Nouvelle-Cal\u00e9donie 2027<\/a><\/h2>\n\n<div class=\"wp-block-post-excerpt\"><p class=\"wp-block-post-excerpt__excerpt\">Personnels Mouvement Affectation \u00e0 Wallis-et-Futuna des personnels enseignants du second degr\u00e9, d\u2019\u00e9ducation et psychologues de l\u2019\u00e9ducation nationale \u2013 Rentr\u00e9e scolaire de f\u00e9vrier\u00a02027 Note de service du 27-3-2026 (NOR : MENH2605015N) [&hellip;] <\/p><\/div>\n\n<div class=\"wp-block-post-date\"><time datetime=\"2026-04-23T19:15:38+02:00\">23 avril 2026<\/time><\/div><\/div>\n\n<\/li><li class=\"wp-block-post post-5089 post type-post status-publish format-standard hentry category-actualites-2025-2026 category-aed-cpe-vie-scolaire category-aesh category-biatss category-contractuels category-professeurs-prive category-professeurs-1er-degre category-professeurs-2nd-degre category-professeurs-cpge-superieur category-s3-aix-marseille\">\n\n<div class=\"wp-block-group is-layout-flow wp-block-group-is-layout-flow\" style=\"padding-top:30px;padding-right:30px;padding-bottom:30px;padding-left:30px\"><h2 class=\"wp-block-post-title\"><a href=\"https:\/\/snalc.org\/snalc2023\/?p=5089\" target=\"_self\" >Congr\u00e8s acad\u00e9mique sur le num\u00e9rique, l&rsquo;IA &#8211; Snalc Aix-Marseille, le 9 juin 2026 de 9h-16h30 \u00e0 Aix (ouvert \u00e0 tous)<\/a><\/h2>\n\n<div class=\"wp-block-post-excerpt\"><p class=\"wp-block-post-excerpt__excerpt\">H\u00f4tel Novotel Aix-en-Provence Pont de l&rsquo;Arc Fenouill\u00e8res AIX-EN-PROVENCE L&rsquo;intelligence artificielle s\u2019impose d\u00e9sormais dans notre quotidien professionnel. Elle est d\u00e9j\u00e0 utilis\u00e9e par les \u00e9l\u00e8ves, parfois massivement, tandis que les personnels sont [&hellip;] <\/p><\/div>\n\n<div class=\"wp-block-post-date\"><time datetime=\"2026-04-21T13:03:51+02:00\">21 avril 2026<\/time><\/div><\/div>\n\n<\/li><li class=\"wp-block-post post-4884 post type-post status-publish format-standard hentry category-actualites-2025-2026 category-intra-academique category-intra-departementale category-mutation\">\n\n<div class=\"wp-block-group is-layout-flow wp-block-group-is-layout-flow\" style=\"padding-top:30px;padding-right:30px;padding-bottom:30px;padding-left:30px\"><h2 class=\"wp-block-post-title\"><a href=\"https:\/\/snalc.org\/snalc2023\/?p=4884\" target=\"_self\" >Informations mutation Intra 2026 (1er et 2nd degr\u00e9)<\/a><\/h2>\n\n<div class=\"wp-block-post-excerpt\"><p class=\"wp-block-post-excerpt__excerpt\">PROFESSEURS DES \u00c9COLES : Retrouvez les conseils du SNALC pour votre mutation intra-d\u00e9partementale sur: https:\/\/snalc.fr\/mouvement-intradep-2026\/ Contact: 06 61 83 27 81 \u2013 mutation.am@snalc.org -&gt; Fiche de suivi: https:\/\/snalc.org\/snalc2023\/?p=4989 Mouvement 1er [&hellip;] <\/p><\/div>\n\n<div class=\"wp-block-post-date\"><time datetime=\"2026-04-20T12:23:45+02:00\">20 avril 2026<\/time><\/div><\/div>\n\n<\/li><li class=\"wp-block-post post-5084 post type-post status-publish format-standard hentry category-actualites-2025-2026 category-intra-departementale category-mutation category-professeurs-1er-degre\">\n\n<div class=\"wp-block-group is-layout-flow wp-block-group-is-layout-flow\" style=\"padding-top:30px;padding-right:30px;padding-bottom:30px;padding-left:30px\"><h2 class=\"wp-block-post-title\"><a href=\"https:\/\/snalc.org\/snalc2023\/?p=5084\" target=\"_self\" >Mouvement intra-d\u00e9partemental des personnels du 1er degr\u00e9 RS2026 (13)<\/a><\/h2>\n\n<div class=\"wp-block-post-excerpt\"><p class=\"wp-block-post-excerpt__excerpt\">LE BULLETIN DEPARTEMENTAL N\u00b0349 BD n\u00b0 349 20\/04\/2026DPE Mouvement intra-d\u00e9partemental des personnels du 1er degr\u00e9 RS2026 Cliquez pour t\u00e9l\u00e9charger le BD dans son int\u00e9gralit\u00e9 :BD 349.pdf Sommaire :Division des Personnels [&hellip;] <\/p><\/div>\n\n<div class=\"wp-block-post-date\"><time datetime=\"2026-04-20T12:19:42+02:00\">20 avril 2026<\/time><\/div><\/div>\n\n<\/li><li class=\"wp-block-post post-5082 post type-post status-publish format-standard hentry category-actualites-2025-2026\">\n\n<div class=\"wp-block-group is-layout-flow wp-block-group-is-layout-flow\" style=\"padding-top:30px;padding-right:30px;padding-bottom:30px;padding-left:30px\"><h2 class=\"wp-block-post-title\"><a href=\"https:\/\/snalc.org\/snalc2023\/?p=5082\" target=\"_self\" >Sud Radio \u2013 Lynchage d\u2019un professeur : Rien ne justifie la violence<\/a><\/h2>\n\n<div class=\"wp-block-post-excerpt\"><p class=\"wp-block-post-excerpt__excerpt\">\u00ab Je rappelle que pour le SNALC, rien ne justifie qu&rsquo;on l\u00e8ve la main sur un agent d\u00e9positaire de l&rsquo;autorit\u00e9 publique. Je le dis et je le r\u00e9p\u00e8te en boucle, [&hellip;] <\/p><\/div>\n\n<div class=\"wp-block-post-date\"><time datetime=\"2026-04-14T07:59:46+02:00\">14 avril 2026<\/time><\/div><\/div>\n\n<\/li><li class=\"wp-block-post post-5079 post type-post status-publish format-standard hentry category-actualites-2025-2026\">\n\n<div class=\"wp-block-group is-layout-flow wp-block-group-is-layout-flow\" style=\"padding-top:30px;padding-right:30px;padding-bottom:30px;padding-left:30px\"><h2 class=\"wp-block-post-title\"><a href=\"https:\/\/snalc.org\/snalc2023\/?p=5079\" target=\"_self\" >BFM RMC \u2013 Violences \u00e0 Montpellier : Karim El Ouardi (SNALC) menace d\u2019une mobilisation nationale si l\u2019enseignant est sanctionn\u00e9<\/a><\/h2>\n\n<div class=\"wp-block-post-excerpt\"><p class=\"wp-block-post-excerpt__excerpt\">\u00ab Il est hors de question qu&rsquo;on touche \u00e0 ce coll\u00e8gue. Je vous le dis honn\u00eatement : si on touche \u00e0 ce coll\u00e8gue ou s&rsquo;il arrive quoi que ce soit [&hellip;] <\/p><\/div>\n\n<div class=\"wp-block-post-date\"><time datetime=\"2026-04-14T07:57:32+02:00\">14 avril 2026<\/time><\/div><\/div>\n\n<\/li><\/ul><\/div>\n<\/div>\n\n\n\n<hr class=\"wp-block-separator has-alpha-channel-opacity\"\/>\n","protected":false},"excerpt":{"rendered":"<p>Nos derni\u00e8res publications Abonnez-vous \u00e0 notre compte Instagram Snalc Aix-Marseille: https:\/\/www.instagram.com\/snalc_mrs\/ Abonnez-vous \u00e0 notre compte Instagram Snalc Aix-Marseille (1er degr\u00e9): https:\/\/www.instagram.com\/snalc.am_pe\/ A NE PAS MANQUER: Mouvement intra 2026: Fiche de [&hellip;]<\/p>\n","protected":false},"author":1,"featured_media":87,"parent":0,"menu_order":0,"comment_status":"closed","ping_status":"closed","template":"","meta":{"_lmt_disableupdate":"","_lmt_disable":"","site-sidebar-layout":"default","site-content-layout":"","ast-site-content-layout":"default","site-content-style":"default","site-sidebar-style":"default","ast-global-header-display":"","ast-banner-title-visibility":"","ast-main-header-display":"","ast-hfb-above-header-display":"","ast-hfb-below-header-display":"","ast-hfb-mobile-header-display":"","site-post-title":"","ast-breadcrumbs-content":"","ast-featured-img":"disabled","footer-sml-layout":"","ast-disable-related-posts":"","theme-transparent-header-meta":"","adv-header-id-meta":"","stick-header-meta":"","header-above-stick-meta":"","header-main-stick-meta":"","header-below-stick-meta":"","astra-migrate-meta-layouts":"set","ast-page-background-enabled":"default","ast-page-background-meta":{"desktop":{"background-color":"var(--ast-global-color-4)","background-image":"","background-repeat":"repeat","background-position":"center center","background-size":"auto","background-attachment":"scroll","background-type":"","background-media":"","overlay-type":"","overlay-color":"","overlay-opacity":"","overlay-gradient":""},"tablet":{"background-color":"","background-image":"","background-repeat":"repeat","background-position":"center center","background-size":"auto","background-attachment":"scroll","background-type":"","background-media":"","overlay-type":"","overlay-color":"","overlay-opacity":"","overlay-gradient":""},"mobile":{"background-color":"","background-image":"","background-repeat":"repeat","background-position":"center center","background-size":"auto","background-attachment":"scroll","background-type":"","background-media":"","overlay-type":"","overlay-color":"","overlay-opacity":"","overlay-gradient":""}},"ast-content-background-meta":{"desktop":{"background-color":"var(--ast-global-color-5)","background-image":"","background-repeat":"repeat","background-position":"center center","background-size":"auto","background-attachment":"scroll","background-type":"","background-media":"","overlay-type":"","overlay-color":"","overlay-opacity":"","overlay-gradient":""},"tablet":{"background-color":"var(--ast-global-color-5)","background-image":"","background-repeat":"repeat","background-position":"center center","background-size":"auto","background-attachment":"scroll","background-type":"","background-media":"","overlay-type":"","overlay-color":"","overlay-opacity":"","overlay-gradient":""},"mobile":{"background-color":"var(--ast-global-color-5)","background-image":"","background-repeat":"repeat","background-position":"center center","background-size":"auto","background-attachment":"scroll","background-type":"","background-media":"","overlay-type":"","overlay-color":"","overlay-opacity":"","overlay-gradient":""}},"footnotes":""},"class_list":["post-69","page","type-page","status-publish","has-post-thumbnail","hentry"],"_links":{"self":[{"href":"https:\/\/snalc.org\/snalc2023\/index.php?rest_route=\/wp\/v2\/pages\/69","targetHints":{"allow":["GET"]}}],"collection":[{"href":"https:\/\/snalc.org\/snalc2023\/index.php?rest_route=\/wp\/v2\/pages"}],"about":[{"href":"https:\/\/snalc.org\/snalc2023\/index.php?rest_route=\/wp\/v2\/types\/page"}],"author":[{"embeddable":true,"href":"https:\/\/snalc.org\/snalc2023\/index.php?rest_route=\/wp\/v2\/users\/1"}],"replies":[{"embeddable":true,"href":"https:\/\/snalc.org\/snalc2023\/index.php?rest_route=%2Fwp%2Fv2%2Fcomments&post=69"}],"version-history":[{"count":270,"href":"https:\/\/snalc.org\/snalc2023\/index.php?rest_route=\/wp\/v2\/pages\/69\/revisions"}],"predecessor-version":[{"id":5077,"href":"https:\/\/snalc.org\/snalc2023\/index.php?rest_route=\/wp\/v2\/pages\/69\/revisions\/5077"}],"wp:featuredmedia":[{"embeddable":true,"href":"https:\/\/snalc.org\/snalc2023\/index.php?rest_route=\/wp\/v2\/media\/87"}],"wp:attachment":[{"href":"https:\/\/snalc.org\/snalc2023\/index.php?rest_route=%2Fwp%2Fv2%2Fmedia&parent=69"}],"curies":[{"name":"wp","href":"https:\/\/api.w.org\/{rel}","templated":true}]}}